{"id":181,"date":"2023-06-21T12:33:50","date_gmt":"2023-06-21T10:33:50","guid":{"rendered":"https:\/\/carvincalvinimenuiserie.fr\/?page_id=181"},"modified":"2023-07-02T16:18:54","modified_gmt":"2023-07-02T14:18:54","slug":"nos-realisations","status":"publish","type":"page","link":"https:\/\/carvincalvinimenuiserie.fr\/index.php\/nos-realisations\/","title":{"rendered":"Nos r\u00e9alisations"},"content":{"rendered":"\t\t<div data-elementor-type=\"wp-page\" data-elementor-id=\"181\" class=\"elementor elementor-181\">\n\t\t\t\t\t\t<section class=\"elementor-section elementor-top-section elementor-element elementor-element-23771883 elementor-section-boxed elementor-section-height-default elementor-section-height-default\" data-id=\"23771883\" data-element_type=\"section\">\n\t\t\t\t\t\t<div class=\"elementor-container elementor-column-gap-default\">\n\t\t\t\t\t<div class=\"elementor-column elementor-col-100 elementor-top-column elementor-element elementor-element-103d69b2\" data-id=\"103d69b2\" data-element_type=\"column\">\n\t\t\t<div class=\"elementor-widget-wrap elementor-element-populated\">\n\t\t\t\t\t\t<div class=\"elementor-element elementor-element-6b0622c1 de_scroll_animation_no elementor-invisible elementor-widget elementor-widget-heading\" data-id=\"6b0622c1\" data-element_type=\"widget\" data-settings=\"{&quot;_animation&quot;:&quot;fadeInUp&quot;}\" data-widget_type=\"heading.default\">\n\t\t\t\t<div class=\"elementor-widget-container\">\n\t\t\t\t\t<h2 class=\"elementor-heading-title elementor-size-default\">Nos r\u00e9alisations<\/h2>\t\t\t\t<\/div>\n\t\t\t\t<\/div>\n\t\t\t\t<div class=\"elementor-element elementor-element-69ca30ed elementor-icon-list--layout-inline elementor-align-center elementor-list-item-link-full_width de_scroll_animation_no elementor-invisible elementor-widget elementor-widget-icon-list\" data-id=\"69ca30ed\" data-element_type=\"widget\" data-settings=\"{&quot;_animation&quot;:&quot;fadeInUp&quot;,&quot;_animation_delay&quot;:200}\" data-widget_type=\"icon-list.default\">\n\t\t\t\t<div class=\"elementor-widget-container\">\n\t\t\t\t\t\t\t<ul class=\"elementor-icon-list-items elementor-inline-items\">\n\t\t\t\t\t\t\t<li class=\"elementor-icon-list-item elementor-inline-item\">\n\t\t\t\t\t\t\t\t\t\t\t<a href=\"https:\/\/carvincalvinimenuiserie.fr\/\">\n\n\t\t\t\t\t\t\t\t\t\t\t<span class=\"elementor-icon-list-text\">Accueil<\/span>\n\t\t\t\t\t\t\t\t\t\t\t<\/a>\n\t\t\t\t\t\t\t\t\t<\/li>\n\t\t\t\t\t\t\t\t<li class=\"elementor-icon-list-item elementor-inline-item\">\n\t\t\t\t\t\t\t\t\t\t\t<a href=\"https:\/\/carvincalvinimenuiserie.fr\/index.php\/nos-realisations\/\">\n\n\t\t\t\t\t\t\t\t\t\t\t\t<span class=\"elementor-icon-list-icon\">\n\t\t\t\t\t\t\t<i aria-hidden=\"true\" class=\"icon icon-right-arrow\"><\/i>\t\t\t\t\t\t<\/span>\n\t\t\t\t\t\t\t\t\t\t<span class=\"elementor-icon-list-text\">R\u00e9alisations<\/span>\n\t\t\t\t\t\t\t\t\t\t\t<\/a>\n\t\t\t\t\t\t\t\t\t<\/li>\n\t\t\t\t\t\t<\/ul>\n\t\t\t\t\t\t<\/div>\n\t\t\t\t<\/div>\n\t\t\t\t\t<\/div>\n\t\t<\/div>\n\t\t\t\t\t<\/div>\n\t\t<\/section>\n\t\t<div class=\"elementor-element elementor-element-ea37dc8 e-flex e-con-boxed e-con e-parent\" data-id=\"ea37dc8\" data-element_type=\"container\">\n\t\t\t\t\t<div class=\"e-con-inner\">\n\t\t<div class=\"elementor-element elementor-element-de4d4b2 e-flex e-con-boxed e-con e-parent\" data-id=\"de4d4b2\" data-element_type=\"container\">\n\t\t\t\t\t<div class=\"e-con-inner\">\n\t\t\t\t<div class=\"elementor-element elementor-element-e37b9cb de_scroll_animation_no elementor-widget elementor-widget-shortcode\" data-id=\"e37b9cb\" data-element_type=\"widget\" data-widget_type=\"shortcode.default\">\n\t\t\t\t<div class=\"elementor-widget-container\">\n\t\t\t\t\t\t\t<div class=\"elementor-shortcode\">ngg_shortcode_0_placeholder<\/div>\n\t\t\t\t\t\t<\/div>\n\t\t\t\t<\/div>\n\t\t\t\t\t<\/div>\n\t\t\t\t<\/div>\n\t\t\t\t\t<\/div>\n\t\t\t\t<\/div>\n\t\t\t\t<section class=\"elementor-section elementor-top-section elementor-element elementor-element-241d77a elementor-section-boxed elementor-section-height-default elementor-section-height-default\" data-id=\"241d77a\" data-element_type=\"section\" data-settings=\"{&quot;background_background&quot;:&quot;classic&quot;}\">\n\t\t\t\t\t\t<div class=\"elementor-container elementor-column-gap-default\">\n\t\t\t\t\t<div class=\"elementor-column elementor-col-100 elementor-top-column elementor-element elementor-element-67ee701a\" data-id=\"67ee701a\" data-element_type=\"column\">\n\t\t\t<div class=\"elementor-widget-wrap elementor-element-populated\">\n\t\t\t\t\t\t<section class=\"elementor-section elementor-inner-section elementor-element elementor-element-5ae9097e elementor-section-boxed elementor-section-height-default elementor-section-height-default\" data-id=\"5ae9097e\" data-element_type=\"section\" data-settings=\"{&quot;background_background&quot;:&quot;classic&quot;}\">\n\t\t\t\t\t\t<div class=\"elementor-container elementor-column-gap-default\">\n\t\t\t\t\t<div class=\"elementor-column elementor-col-100 elementor-inner-column elementor-element elementor-element-43223f58\" data-id=\"43223f58\" data-element_type=\"column\">\n\t\t\t<div class=\"elementor-widget-wrap elementor-element-populated\">\n\t\t\t\t\t\t<div class=\"elementor-element elementor-element-6fe4d7c9 de_scroll_animation_no elementor-invisible elementor-widget elementor-widget-heading\" data-id=\"6fe4d7c9\" data-element_type=\"widget\" data-settings=\"{&quot;_animation&quot;:&quot;fadeInUp&quot;,&quot;_animation_delay&quot;:200}\" data-widget_type=\"heading.default\">\n\t\t\t\t<div class=\"elementor-widget-container\">\n\t\t\t\t\t<h2 class=\"elementor-heading-title elementor-size-default\">Derniers projets<\/h2>\t\t\t\t<\/div>\n\t\t\t\t<\/div>\n\t\t\t\t\t<\/div>\n\t\t<\/div>\n\t\t\t\t\t<\/div>\n\t\t<\/section>\n\t\t\t\t<section class=\"elementor-section elementor-inner-section elementor-element elementor-element-2d2756f2 elementor-section-boxed elementor-section-height-default elementor-section-height-default\" data-id=\"2d2756f2\" data-element_type=\"section\">\n\t\t\t\t\t\t<div class=\"elementor-container elementor-column-gap-default\">\n\t\t\t\t\t<div class=\"elementor-column elementor-col-25 elementor-inner-column elementor-element elementor-element-248d9de elementor-invisible\" data-id=\"248d9de\" data-element_type=\"column\" data-settings=\"{&quot;background_background&quot;:&quot;classic&quot;,&quot;animation&quot;:&quot;fadeInUp&quot;,&quot;animation_delay&quot;:400}\">\n\t\t\t<div class=\"elementor-widget-wrap elementor-element-populated\">\n\t\t\t\t\t\t<div class=\"elementor-element elementor-element-29f21dda de_scroll_animation_no elementor-widget elementor-widget-image\" data-id=\"29f21dda\" data-element_type=\"widget\" data-widget_type=\"image.default\">\n\t\t\t\t<div class=\"elementor-widget-container\">\n\t\t\t\t\t\t\t\t\t\t\t\t\t\t\t\t<a href=\"#\">\n\t\t\t\t\t\t\t<img decoding=\"async\" src=\"https:\/\/carvincalvinimenuiserie.fr\/wp-content\/uploads\/2023\/06\/villa-cala-bianca-les-roches-blanches-140656-2400-2400-auto_realisation_carvin_calvini_menuiserie_2023.jpg\" title=\"villa-cala-bianca-les-roches-blanches-140656-2400-2400-auto_realisation_carvin_calvini_menuiserie_2023\" alt=\"villa-cala-bianca-les-roches-blanches-140656-2400-2400-auto_realisation_carvin_calvini_menuiserie_2023\" class=\"elementor-animation-float\" loading=\"lazy\" \/>\t\t\t\t\t\t\t\t<\/a>\n\t\t\t\t\t\t\t\t\t\t\t\t\t\t\t<\/div>\n\t\t\t\t<\/div>\n\t\t\t\t<div class=\"elementor-element elementor-element-45567b65 de_scroll_animation_no elementor-widget elementor-widget-heading\" data-id=\"45567b65\" data-element_type=\"widget\" data-widget_type=\"heading.default\">\n\t\t\t\t<div class=\"elementor-widget-container\">\n\t\t\t\t\t<h5 class=\"elementor-heading-title elementor-size-default\"><a href=\"#\">Villa Cala Bianca<\/a><\/h5>\t\t\t\t<\/div>\n\t\t\t\t<\/div>\n\t\t\t\t<div class=\"elementor-element elementor-element-4812dbef de_scroll_animation_no elementor-widget elementor-widget-text-editor\" data-id=\"4812dbef\" data-element_type=\"widget\" data-widget_type=\"text-editor.default\">\n\t\t\t\t<div class=\"elementor-widget-container\">\n\t\t\t\t\t\t\t\t\t<p>H\u00f4tel de luxe 5*<\/p>\t\t\t\t\t\t\t\t<\/div>\n\t\t\t\t<\/div>\n\t\t\t\t\t<\/div>\n\t\t<\/div>\n\t\t\t\t<div class=\"elementor-column elementor-col-25 elementor-inner-column elementor-element elementor-element-5f56c050 elementor-invisible\" data-id=\"5f56c050\" data-element_type=\"column\" data-settings=\"{&quot;background_background&quot;:&quot;classic&quot;,&quot;animation&quot;:&quot;fadeInUp&quot;,&quot;animation_delay&quot;:500}\">\n\t\t\t<div class=\"elementor-widget-wrap elementor-element-populated\">\n\t\t\t\t\t\t<div class=\"elementor-element elementor-element-75d00482 de_scroll_animation_no elementor-widget elementor-widget-image\" data-id=\"75d00482\" data-element_type=\"widget\" data-widget_type=\"image.default\">\n\t\t\t\t<div class=\"elementor-widget-container\">\n\t\t\t\t\t\t\t\t\t\t\t\t\t\t\t\t<a href=\"#\">\n\t\t\t\t\t\t\t<img decoding=\"async\" src=\"https:\/\/carvincalvinimenuiserie.fr\/wp-content\/uploads\/2023\/06\/piscine-realisation-carvin-calvini-menuiserie_2023.jpg\" title=\"piscine-realisation-carvin-calvini-menuiserie_2023\" alt=\"piscine-realisation-carvin-calvini-menuiserie_2023\" class=\"elementor-animation-float\" loading=\"lazy\" \/>\t\t\t\t\t\t\t\t<\/a>\n\t\t\t\t\t\t\t\t\t\t\t\t\t\t\t<\/div>\n\t\t\t\t<\/div>\n\t\t\t\t<div class=\"elementor-element elementor-element-6e6b587a de_scroll_animation_no elementor-widget elementor-widget-heading\" data-id=\"6e6b587a\" data-element_type=\"widget\" data-widget_type=\"heading.default\">\n\t\t\t\t<div class=\"elementor-widget-container\">\n\t\t\t\t\t<h5 class=\"elementor-heading-title elementor-size-default\"><a href=\"#\">Terrasse en bois <\/a><\/h5>\t\t\t\t<\/div>\n\t\t\t\t<\/div>\n\t\t\t\t<div class=\"elementor-element elementor-element-63f97a43 de_scroll_animation_no elementor-widget elementor-widget-text-editor\" data-id=\"63f97a43\" data-element_type=\"widget\" data-widget_type=\"text-editor.default\">\n\t\t\t\t<div class=\"elementor-widget-container\">\n\t\t\t\t\t\t\t\t\t<p>Villa priv\u00e9e<\/p>\t\t\t\t\t\t\t\t<\/div>\n\t\t\t\t<\/div>\n\t\t\t\t\t<\/div>\n\t\t<\/div>\n\t\t\t\t<div class=\"elementor-column elementor-col-25 elementor-inner-column elementor-element elementor-element-236fc153 elementor-invisible\" data-id=\"236fc153\" data-element_type=\"column\" data-settings=\"{&quot;background_background&quot;:&quot;classic&quot;,&quot;animation&quot;:&quot;fadeInUp&quot;,&quot;animation_delay&quot;:700}\">\n\t\t\t<div class=\"elementor-widget-wrap elementor-element-populated\">\n\t\t\t\t\t\t<div class=\"elementor-element elementor-element-5fdc0fbd de_scroll_animation_no elementor-widget elementor-widget-image\" data-id=\"5fdc0fbd\" data-element_type=\"widget\" data-widget_type=\"image.default\">\n\t\t\t\t<div class=\"elementor-widget-container\">\n\t\t\t\t\t\t\t\t\t\t\t\t\t\t\t\t<a href=\"#\">\n\t\t\t\t\t\t\t<img decoding=\"async\" src=\"https:\/\/carvincalvinimenuiserie.fr\/wp-content\/uploads\/2023\/06\/comptoir-accueil-realisation-carvin-calvini-menuiserie_2023.jpg\" title=\"comptoir-accueil-realisation-carvin-calvini-menuiserie_2023\" alt=\"comptoir-accueil-realisation-carvin-calvini-menuiserie_2023\" class=\"elementor-animation-float\" loading=\"lazy\" \/>\t\t\t\t\t\t\t\t<\/a>\n\t\t\t\t\t\t\t\t\t\t\t\t\t\t\t<\/div>\n\t\t\t\t<\/div>\n\t\t\t\t<div class=\"elementor-element elementor-element-4580cfa7 de_scroll_animation_no elementor-widget elementor-widget-heading\" data-id=\"4580cfa7\" data-element_type=\"widget\" data-widget_type=\"heading.default\">\n\t\t\t\t<div class=\"elementor-widget-container\">\n\t\t\t\t\t<h5 class=\"elementor-heading-title elementor-size-default\"><a href=\"#\">Comptoir d'accueil<\/a><\/h5>\t\t\t\t<\/div>\n\t\t\t\t<\/div>\n\t\t\t\t<div class=\"elementor-element elementor-element-2de58ce8 de_scroll_animation_no elementor-widget elementor-widget-text-editor\" data-id=\"2de58ce8\" data-element_type=\"widget\" data-widget_type=\"text-editor.default\">\n\t\t\t\t<div class=\"elementor-widget-container\">\n\t\t\t\t\t\t\t\t\t<p>\u00c9tude notariale V\u00e9rignon &amp; Rolland<\/p>\t\t\t\t\t\t\t\t<\/div>\n\t\t\t\t<\/div>\n\t\t\t\t\t<\/div>\n\t\t<\/div>\n\t\t\t\t<div class=\"elementor-column elementor-col-25 elementor-inner-column elementor-element elementor-element-3db3f4a3 elementor-invisible\" data-id=\"3db3f4a3\" data-element_type=\"column\" data-settings=\"{&quot;background_background&quot;:&quot;classic&quot;,&quot;animation&quot;:&quot;fadeInUp&quot;,&quot;animation_delay&quot;:600}\">\n\t\t\t<div class=\"elementor-widget-wrap elementor-element-populated\">\n\t\t\t\t\t\t<div class=\"elementor-element elementor-element-69d95fb5 de_scroll_animation_no elementor-widget elementor-widget-image\" data-id=\"69d95fb5\" data-element_type=\"widget\" data-widget_type=\"image.default\">\n\t\t\t\t<div class=\"elementor-widget-container\">\n\t\t\t\t\t\t\t\t\t\t\t\t\t\t\t\t<a href=\"#\">\n\t\t\t\t\t\t\t<img decoding=\"async\" src=\"https:\/\/carvincalvinimenuiserie.fr\/wp-content\/uploads\/2023\/06\/AirScooter_de_-Francky_Zapata_vivatech2023_realisation-socle_carvin-calvini-menuiserie_2023.jpg\" title=\"AirScooter_de_-Francky_Zapata_vivatech2023_realisation-socle_carvin-calvini-menuiserie_2023\" alt=\"AirScooter_de_-Francky_Zapata_vivatech2023_realisation-socle_carvin-calvini-menuiserie_2023\" class=\"elementor-animation-float\" loading=\"lazy\" \/>\t\t\t\t\t\t\t\t<\/a>\n\t\t\t\t\t\t\t\t\t\t\t\t\t\t\t<\/div>\n\t\t\t\t<\/div>\n\t\t\t\t<div class=\"elementor-element elementor-element-35b78801 de_scroll_animation_no elementor-widget elementor-widget-heading\" data-id=\"35b78801\" data-element_type=\"widget\" data-widget_type=\"heading.default\">\n\t\t\t\t<div class=\"elementor-widget-container\">\n\t\t\t\t\t<h5 class=\"elementor-heading-title elementor-size-default\"><a href=\"#\">Socle du AirScooter<\/a><\/h5>\t\t\t\t<\/div>\n\t\t\t\t<\/div>\n\t\t\t\t<div class=\"elementor-element elementor-element-4bc6f452 de_scroll_animation_no elementor-widget elementor-widget-text-editor\" data-id=\"4bc6f452\" data-element_type=\"widget\" data-widget_type=\"text-editor.default\">\n\t\t\t\t<div class=\"elementor-widget-container\">\n\t\t\t\t\t\t\t\t\t<p>Franky Zapata (Vivatech)<\/p>\t\t\t\t\t\t\t\t<\/div>\n\t\t\t\t<\/div>\n\t\t\t\t\t<\/div>\n\t\t<\/div>\n\t\t\t\t\t<\/div>\n\t\t<\/section>\n\t\t\t\t\t<\/div>\n\t\t<\/div>\n\t\t\t\t\t<\/div>\n\t\t<\/section>\n\t\t\t\t<\/div>\n\t\t","protected":false},"excerpt":{"rendered":"<p>Nos r\u00e9alisations Accueil R\u00e9alisations Derniers projets Villa Cala Bianca H\u00f4tel de luxe 5* Terrasse en bois Villa priv\u00e9e Comptoir d&rsquo;accueil \u00c9tude notariale V\u00e9rignon &amp; Rolland Socle du AirScooter Franky Zapata (Vivatech)<\/p>\n","protected":false},"author":1,"featured_media":0,"parent":0,"menu_order":0,"comment_status":"closed","ping_status":"closed","template":"elementor_theme","meta":{"ngg_post_thumbnail":0,"footnotes":""},"class_list":["post-181","page","type-page","status-publish","hentry"],"yoast_head":"<!-- This site is optimized with the Yoast SEO plugin v24.4 - https:\/\/yoast.com\/wordpress\/plugins\/seo\/ -->\n<title>Nos r\u00e9alisations - carvincalvinimenuiserie.fr<\/title>\n<meta name=\"robots\" content=\"index, follow, max-snippet:-1, max-image-preview:large, max-video-preview:-1\" \/>\n<link rel=\"canonical\" href=\"https:\/\/carvincalvinimenuiserie.fr\/index.php\/nos-realisations\/\" \/>\n<meta property=\"og:locale\" content=\"fr_FR\" \/>\n<meta property=\"og:type\" content=\"article\" \/>\n<meta property=\"og:title\" content=\"Nos r\u00e9alisations - carvincalvinimenuiserie.fr\" \/>\n<meta property=\"og:description\" content=\"Nos r\u00e9alisations Accueil R\u00e9alisations Derniers projets Villa Cala Bianca H\u00f4tel de luxe 5* Terrasse en bois Villa priv\u00e9e Comptoir d&rsquo;accueil \u00c9tude notariale V\u00e9rignon &amp; Rolland Socle du AirScooter Franky Zapata (Vivatech)\" \/>\n<meta property=\"og:url\" content=\"https:\/\/carvincalvinimenuiserie.fr\/index.php\/nos-realisations\/\" \/>\n<meta property=\"og:site_name\" content=\"carvincalvinimenuiserie.fr\" \/>\n<meta property=\"article:publisher\" content=\"https:\/\/www.facebook.com\/carvincalvinimenuiserie\/\" \/>\n<meta property=\"article:modified_time\" content=\"2023-07-02T14:18:54+00:00\" \/>\n<meta property=\"og:image\" content=\"http:\/\/carvincalvinimenuiserie.fr\/wp-content\/uploads\/elementor\/thumbs\/villa-cala-bianca-les-roches-blanches-140656-2400-2400-auto_realisation_carvin_calvini_menuiserie_2023-q8kkmosdqaghhymd5a7zixvpz1t928cenlchgyae3k.jpg\" \/>\n<meta name=\"twitter:card\" content=\"summary_large_image\" \/>\n<meta name=\"twitter:label1\" content=\"Dur\u00e9e de lecture estim\u00e9e\" \/>\n\t<meta name=\"twitter:data1\" content=\"6 minutes\" \/>\n<script type=\"application\/ld+json\" class=\"yoast-schema-graph\">{\"@context\":\"https:\/\/schema.org\",\"@graph\":[{\"@type\":\"WebPage\",\"@id\":\"https:\/\/carvincalvinimenuiserie.fr\/index.php\/nos-realisations\/\",\"url\":\"https:\/\/carvincalvinimenuiserie.fr\/index.php\/nos-realisations\/\",\"name\":\"Nos r\u00e9alisations - carvincalvinimenuiserie.fr\",\"isPartOf\":{\"@id\":\"https:\/\/carvincalvinimenuiserie.fr\/#website\"},\"primaryImageOfPage\":{\"@id\":\"https:\/\/carvincalvinimenuiserie.fr\/index.php\/nos-realisations\/#primaryimage\"},\"image\":{\"@id\":\"https:\/\/carvincalvinimenuiserie.fr\/index.php\/nos-realisations\/#primaryimage\"},\"thumbnailUrl\":\"http:\/\/carvincalvinimenuiserie.fr\/wp-content\/uploads\/elementor\/thumbs\/villa-cala-bianca-les-roches-blanches-140656-2400-2400-auto_realisation_carvin_calvini_menuiserie_2023-q8kkmosdqaghhymd5a7zixvpz1t928cenlchgyae3k.jpg\",\"datePublished\":\"2023-06-21T10:33:50+00:00\",\"dateModified\":\"2023-07-02T14:18:54+00:00\",\"breadcrumb\":{\"@id\":\"https:\/\/carvincalvinimenuiserie.fr\/index.php\/nos-realisations\/#breadcrumb\"},\"inLanguage\":\"fr-FR\",\"potentialAction\":[{\"@type\":\"ReadAction\",\"target\":[\"https:\/\/carvincalvinimenuiserie.fr\/index.php\/nos-realisations\/\"]}]},{\"@type\":\"ImageObject\",\"inLanguage\":\"fr-FR\",\"@id\":\"https:\/\/carvincalvinimenuiserie.fr\/index.php\/nos-realisations\/#primaryimage\",\"url\":\"http:\/\/carvincalvinimenuiserie.fr\/wp-content\/uploads\/elementor\/thumbs\/villa-cala-bianca-les-roches-blanches-140656-2400-2400-auto_realisation_carvin_calvini_menuiserie_2023-q8kkmosdqaghhymd5a7zixvpz1t928cenlchgyae3k.jpg\",\"contentUrl\":\"http:\/\/carvincalvinimenuiserie.fr\/wp-content\/uploads\/elementor\/thumbs\/villa-cala-bianca-les-roches-blanches-140656-2400-2400-auto_realisation_carvin_calvini_menuiserie_2023-q8kkmosdqaghhymd5a7zixvpz1t928cenlchgyae3k.jpg\"},{\"@type\":\"BreadcrumbList\",\"@id\":\"https:\/\/carvincalvinimenuiserie.fr\/index.php\/nos-realisations\/#breadcrumb\",\"itemListElement\":[{\"@type\":\"ListItem\",\"position\":1,\"name\":\"Accueil\",\"item\":\"https:\/\/carvincalvinimenuiserie.fr\/\"},{\"@type\":\"ListItem\",\"position\":2,\"name\":\"Nos r\u00e9alisations\"}]},{\"@type\":\"WebSite\",\"@id\":\"https:\/\/carvincalvinimenuiserie.fr\/#website\",\"url\":\"https:\/\/carvincalvinimenuiserie.fr\/\",\"name\":\"carvincalvinimenuiserie.fr\",\"description\":\"Menuiserie et agencement sur-mesure haut de gamme \u00e0 Marseille\",\"publisher\":{\"@id\":\"https:\/\/carvincalvinimenuiserie.fr\/#organization\"},\"potentialAction\":[{\"@type\":\"SearchAction\",\"target\":{\"@type\":\"EntryPoint\",\"urlTemplate\":\"https:\/\/carvincalvinimenuiserie.fr\/?s={search_term_string}\"},\"query-input\":{\"@type\":\"PropertyValueSpecification\",\"valueRequired\":true,\"valueName\":\"search_term_string\"}}],\"inLanguage\":\"fr-FR\"},{\"@type\":\"Organization\",\"@id\":\"https:\/\/carvincalvinimenuiserie.fr\/#organization\",\"name\":\"Carvin Calvini Menuiserie\",\"alternateName\":\"CC Menuiserie\",\"url\":\"https:\/\/carvincalvinimenuiserie.fr\/\",\"logo\":{\"@type\":\"ImageObject\",\"inLanguage\":\"fr-FR\",\"@id\":\"https:\/\/carvincalvinimenuiserie.fr\/#\/schema\/logo\/image\/\",\"url\":\"https:\/\/carvincalvinimenuiserie.fr\/wp-content\/uploads\/2023\/06\/logo-carvin-calvini-menuiserie-horizontal.png\",\"contentUrl\":\"https:\/\/carvincalvinimenuiserie.fr\/wp-content\/uploads\/2023\/06\/logo-carvin-calvini-menuiserie-horizontal.png\",\"width\":800,\"height\":236,\"caption\":\"Carvin Calvini Menuiserie\"},\"image\":{\"@id\":\"https:\/\/carvincalvinimenuiserie.fr\/#\/schema\/logo\/image\/\"},\"sameAs\":[\"https:\/\/www.facebook.com\/carvincalvinimenuiserie\/\",\"https:\/\/www.instagram.com\/carvin.calvini.menuiserie\",\"https:\/\/www.linkedin.com\/company\/sas-carvin-calvini-menuiserie\/\"]}]}<\/script>\n<!-- \/ Yoast SEO plugin. -->","yoast_head_json":{"title":"Nos r\u00e9alisations - carvincalvinimenuiserie.fr","robots":{"index":"index","follow":"follow","max-snippet":"max-snippet:-1","max-image-preview":"max-image-preview:large","max-video-preview":"max-video-preview:-1"},"canonical":"https:\/\/carvincalvinimenuiserie.fr\/index.php\/nos-realisations\/","og_locale":"fr_FR","og_type":"article","og_title":"Nos r\u00e9alisations - carvincalvinimenuiserie.fr","og_description":"Nos r\u00e9alisations Accueil R\u00e9alisations Derniers projets Villa Cala Bianca H\u00f4tel de luxe 5* Terrasse en bois Villa priv\u00e9e Comptoir d&rsquo;accueil \u00c9tude notariale V\u00e9rignon &amp; Rolland Socle du AirScooter Franky Zapata (Vivatech)","og_url":"https:\/\/carvincalvinimenuiserie.fr\/index.php\/nos-realisations\/","og_site_name":"carvincalvinimenuiserie.fr","article_publisher":"https:\/\/www.facebook.com\/carvincalvinimenuiserie\/","article_modified_time":"2023-07-02T14:18:54+00:00","og_image":[{"url":"http:\/\/carvincalvinimenuiserie.fr\/wp-content\/uploads\/elementor\/thumbs\/villa-cala-bianca-les-roches-blanches-140656-2400-2400-auto_realisation_carvin_calvini_menuiserie_2023-q8kkmosdqaghhymd5a7zixvpz1t928cenlchgyae3k.jpg","type":"","width":"","height":""}],"twitter_card":"summary_large_image","twitter_misc":{"Dur\u00e9e de lecture estim\u00e9e":"6 minutes"},"schema":{"@context":"https:\/\/schema.org","@graph":[{"@type":"WebPage","@id":"https:\/\/carvincalvinimenuiserie.fr\/index.php\/nos-realisations\/","url":"https:\/\/carvincalvinimenuiserie.fr\/index.php\/nos-realisations\/","name":"Nos r\u00e9alisations - carvincalvinimenuiserie.fr","isPartOf":{"@id":"https:\/\/carvincalvinimenuiserie.fr\/#website"},"primaryImageOfPage":{"@id":"https:\/\/carvincalvinimenuiserie.fr\/index.php\/nos-realisations\/#primaryimage"},"image":{"@id":"https:\/\/carvincalvinimenuiserie.fr\/index.php\/nos-realisations\/#primaryimage"},"thumbnailUrl":"http:\/\/carvincalvinimenuiserie.fr\/wp-content\/uploads\/elementor\/thumbs\/villa-cala-bianca-les-roches-blanches-140656-2400-2400-auto_realisation_carvin_calvini_menuiserie_2023-q8kkmosdqaghhymd5a7zixvpz1t928cenlchgyae3k.jpg","datePublished":"2023-06-21T10:33:50+00:00","dateModified":"2023-07-02T14:18:54+00:00","breadcrumb":{"@id":"https:\/\/carvincalvinimenuiserie.fr\/index.php\/nos-realisations\/#breadcrumb"},"inLanguage":"fr-FR","potentialAction":[{"@type":"ReadAction","target":["https:\/\/carvincalvinimenuiserie.fr\/index.php\/nos-realisations\/"]}]},{"@type":"ImageObject","inLanguage":"fr-FR","@id":"https:\/\/carvincalvinimenuiserie.fr\/index.php\/nos-realisations\/#primaryimage","url":"http:\/\/carvincalvinimenuiserie.fr\/wp-content\/uploads\/elementor\/thumbs\/villa-cala-bianca-les-roches-blanches-140656-2400-2400-auto_realisation_carvin_calvini_menuiserie_2023-q8kkmosdqaghhymd5a7zixvpz1t928cenlchgyae3k.jpg","contentUrl":"http:\/\/carvincalvinimenuiserie.fr\/wp-content\/uploads\/elementor\/thumbs\/villa-cala-bianca-les-roches-blanches-140656-2400-2400-auto_realisation_carvin_calvini_menuiserie_2023-q8kkmosdqaghhymd5a7zixvpz1t928cenlchgyae3k.jpg"},{"@type":"BreadcrumbList","@id":"https:\/\/carvincalvinimenuiserie.fr\/index.php\/nos-realisations\/#breadcrumb","itemListElement":[{"@type":"ListItem","position":1,"name":"Accueil","item":"https:\/\/carvincalvinimenuiserie.fr\/"},{"@type":"ListItem","position":2,"name":"Nos r\u00e9alisations"}]},{"@type":"WebSite","@id":"https:\/\/carvincalvinimenuiserie.fr\/#website","url":"https:\/\/carvincalvinimenuiserie.fr\/","name":"carvincalvinimenuiserie.fr","description":"Menuiserie et agencement sur-mesure haut de gamme \u00e0 Marseille","publisher":{"@id":"https:\/\/carvincalvinimenuiserie.fr\/#organization"},"potentialAction":[{"@type":"SearchAction","target":{"@type":"EntryPoint","urlTemplate":"https:\/\/carvincalvinimenuiserie.fr\/?s={search_term_string}"},"query-input":{"@type":"PropertyValueSpecification","valueRequired":true,"valueName":"search_term_string"}}],"inLanguage":"fr-FR"},{"@type":"Organization","@id":"https:\/\/carvincalvinimenuiserie.fr\/#organization","name":"Carvin Calvini Menuiserie","alternateName":"CC Menuiserie","url":"https:\/\/carvincalvinimenuiserie.fr\/","logo":{"@type":"ImageObject","inLanguage":"fr-FR","@id":"https:\/\/carvincalvinimenuiserie.fr\/#\/schema\/logo\/image\/","url":"https:\/\/carvincalvinimenuiserie.fr\/wp-content\/uploads\/2023\/06\/logo-carvin-calvini-menuiserie-horizontal.png","contentUrl":"https:\/\/carvincalvinimenuiserie.fr\/wp-content\/uploads\/2023\/06\/logo-carvin-calvini-menuiserie-horizontal.png","width":800,"height":236,"caption":"Carvin Calvini Menuiserie"},"image":{"@id":"https:\/\/carvincalvinimenuiserie.fr\/#\/schema\/logo\/image\/"},"sameAs":["https:\/\/www.facebook.com\/carvincalvinimenuiserie\/","https:\/\/www.instagram.com\/carvin.calvini.menuiserie","https:\/\/www.linkedin.com\/company\/sas-carvin-calvini-menuiserie\/"]}]}},"_links":{"self":[{"href":"https:\/\/carvincalvinimenuiserie.fr\/index.php\/wp-json\/wp\/v2\/pages\/181","targetHints":{"allow":["GET"]}}],"collection":[{"href":"https:\/\/carvincalvinimenuiserie.fr\/index.php\/wp-json\/wp\/v2\/pages"}],"about":[{"href":"https:\/\/carvincalvinimenuiserie.fr\/index.php\/wp-json\/wp\/v2\/types\/page"}],"author":[{"embeddable":true,"href":"https:\/\/carvincalvinimenuiserie.fr\/index.php\/wp-json\/wp\/v2\/users\/1"}],"replies":[{"embeddable":true,"href":"https:\/\/carvincalvinimenuiserie.fr\/index.php\/wp-json\/wp\/v2\/comments?post=181"}],"version-history":[{"count":42,"href":"https:\/\/carvincalvinimenuiserie.fr\/index.php\/wp-json\/wp\/v2\/pages\/181\/revisions"}],"predecessor-version":[{"id":889,"href":"https:\/\/carvincalvinimenuiserie.fr\/index.php\/wp-json\/wp\/v2\/pages\/181\/revisions\/889"}],"wp:attachment":[{"href":"https:\/\/carvincalvinimenuiserie.fr\/index.php\/wp-json\/wp\/v2\/media?parent=181"}],"curies":[{"name":"wp","href":"https:\/\/api.w.org\/{rel}","templated":true}]}}