{"id":2,"date":"2023-06-14T11:08:21","date_gmt":"2023-06-14T09:08:21","guid":{"rendered":"http:\/\/carvincalvinimenuiserie.fr\/?page_id=2"},"modified":"2025-04-01T17:18:37","modified_gmt":"2025-04-01T15:18:37","slug":"entreprise","status":"publish","type":"page","link":"https:\/\/carvincalvinimenuiserie.fr\/index.php\/entreprise\/","title":{"rendered":"L&rsquo;ENTREPRISE"},"content":{"rendered":"\t\t<div data-elementor-type=\"wp-page\" data-elementor-id=\"2\" class=\"elementor elementor-2\">\n\t\t\t\t\t\t<section class=\"elementor-section elementor-top-section elementor-element elementor-element-1f9d4e6b elementor-section-boxed elementor-section-height-default elementor-section-height-default\" data-id=\"1f9d4e6b\" data-element_type=\"section\">\n\t\t\t\t\t\t<div class=\"elementor-container elementor-column-gap-default\">\n\t\t\t\t\t<div class=\"elementor-column elementor-col-100 elementor-top-column elementor-element elementor-element-6d56af99\" data-id=\"6d56af99\" data-element_type=\"column\">\n\t\t\t<div class=\"elementor-widget-wrap elementor-element-populated\">\n\t\t\t\t\t\t<div class=\"elementor-element elementor-element-4041765b de_scroll_animation_no elementor-invisible elementor-widget elementor-widget-heading\" data-id=\"4041765b\" data-element_type=\"widget\" data-settings=\"{&quot;_animation&quot;:&quot;fadeInUp&quot;}\" data-widget_type=\"heading.default\">\n\t\t\t\t<div class=\"elementor-widget-container\">\n\t\t\t\t\t<h2 class=\"elementor-heading-title elementor-size-default\">CARVIN CALVINI MENUISERIE<\/h2>\t\t\t\t<\/div>\n\t\t\t\t<\/div>\n\t\t\t\t<div class=\"elementor-element elementor-element-689c3489 elementor-icon-list--layout-inline elementor-align-center elementor-list-item-link-full_width de_scroll_animation_no elementor-invisible elementor-widget elementor-widget-icon-list\" data-id=\"689c3489\" data-element_type=\"widget\" data-settings=\"{&quot;_animation&quot;:&quot;fadeInUp&quot;,&quot;_animation_delay&quot;:200}\" data-widget_type=\"icon-list.default\">\n\t\t\t\t<div class=\"elementor-widget-container\">\n\t\t\t\t\t\t\t<ul class=\"elementor-icon-list-items elementor-inline-items\">\n\t\t\t\t\t\t\t<li class=\"elementor-icon-list-item elementor-inline-item\">\n\t\t\t\t\t\t\t\t\t\t\t<a href=\"#\">\n\n\t\t\t\t\t\t\t\t\t\t\t<span class=\"elementor-icon-list-text\">Accueil<\/span>\n\t\t\t\t\t\t\t\t\t\t\t<\/a>\n\t\t\t\t\t\t\t\t\t<\/li>\n\t\t\t\t\t\t\t\t<li class=\"elementor-icon-list-item elementor-inline-item\">\n\t\t\t\t\t\t\t\t\t\t\t<span class=\"elementor-icon-list-icon\">\n\t\t\t\t\t\t\t<i aria-hidden=\"true\" class=\"icon icon-right-arrow\"><\/i>\t\t\t\t\t\t<\/span>\n\t\t\t\t\t\t\t\t\t\t<span class=\"elementor-icon-list-text\">L'entreprise<\/span>\n\t\t\t\t\t\t\t\t\t<\/li>\n\t\t\t\t\t\t<\/ul>\n\t\t\t\t\t\t<\/div>\n\t\t\t\t<\/div>\n\t\t\t\t<section class=\"elementor-section elementor-inner-section elementor-element elementor-element-5aa6a29d elementor-section-height-min-height elementor-section-boxed elementor-section-height-default elementor-invisible\" data-id=\"5aa6a29d\" data-element_type=\"section\" data-settings=\"{&quot;background_background&quot;:&quot;classic&quot;,&quot;animation&quot;:&quot;fadeInUp&quot;,&quot;animation_delay&quot;:400}\">\n\t\t\t\t\t\t<div class=\"elementor-container elementor-column-gap-default\">\n\t\t\t\t\t<div class=\"elementor-column elementor-col-100 elementor-inner-column elementor-element elementor-element-101e28cc\" data-id=\"101e28cc\" data-element_type=\"column\">\n\t\t\t<div class=\"elementor-widget-wrap elementor-element-populated\">\n\t\t\t\t\t\t<div class=\"elementor-element elementor-element-256c977b elementor-widget-divider--view-line de_scroll_animation_no elementor-widget elementor-widget-divider\" data-id=\"256c977b\" data-element_type=\"widget\" data-widget_type=\"divider.default\">\n\t\t\t\t<div class=\"elementor-widget-container\">\n\t\t\t\t\t\t\t<div class=\"elementor-divider\">\n\t\t\t<span class=\"elementor-divider-separator\">\n\t\t\t\t\t\t<\/span>\n\t\t<\/div>\n\t\t\t\t\t\t<\/div>\n\t\t\t\t<\/div>\n\t\t\t\t\t<\/div>\n\t\t<\/div>\n\t\t\t\t\t<\/div>\n\t\t<\/section>\n\t\t\t\t\t<\/div>\n\t\t<\/div>\n\t\t\t\t\t<\/div>\n\t\t<\/section>\n\t\t<div class=\"elementor-element elementor-element-94e78a8 e-flex e-con-boxed e-con e-parent\" data-id=\"94e78a8\" data-element_type=\"container\">\n\t\t\t\t\t<div class=\"e-con-inner\">\n\t\t<div class=\"elementor-element elementor-element-49799f9 e-con-full e-flex e-con e-child\" data-id=\"49799f9\" data-element_type=\"container\">\n\t\t\t\t<div class=\"elementor-element elementor-element-6c9ae7a de_scroll_animation_no elementor-widget elementor-widget-heading\" data-id=\"6c9ae7a\" data-element_type=\"widget\" data-widget_type=\"heading.default\">\n\t\t\t\t<div class=\"elementor-widget-container\">\n\t\t\t\t\t<h2 class=\"elementor-heading-title elementor-size-default\">D\u00e9couvrez notre histoire<\/h2>\t\t\t\t<\/div>\n\t\t\t\t<\/div>\n\t\t\t\t<div class=\"elementor-element elementor-element-2d68722 de_scroll_animation_no elementor-widget elementor-widget-text-editor\" data-id=\"2d68722\" data-element_type=\"widget\" data-widget_type=\"text-editor.default\">\n\t\t\t\t<div class=\"elementor-widget-container\">\n\t\t\t\t\t\t\t\t\t<p>L&rsquo;histoire de Carvin Calvini Menuiserie est celle d&rsquo;une passion profonde et d&rsquo;un amour pour le travail bien fait. Christophe Carvin et Pierre Calvini, ont consacr\u00e9 plus de 25 ans de leur vie \u00e0 cette passion, travaillant sans rel\u00e2che \u00e0 perfectionner leur art.<\/p>\n<p>Leurs d\u00e9buts ont \u00e9t\u00e9 marqu\u00e9s par une p\u00e9riode intensive de deux ans d&rsquo;apprentissage, suivie d&rsquo;une ann\u00e9e de formation continue. Pouss\u00e9s par leur curiosit\u00e9 et leur d\u00e9sir d&rsquo;excellence, ils ont choisi d&rsquo;approfondir leur ma\u00eetrise du m\u00e9tier en passant cinq ans avec les Compagnons du Devoir. Ce voyage initiatique \u00e0 travers la France leur a permis d&rsquo;absorber une multitude de techniques et de secrets de fabrication, qu&rsquo;ils ont par la suite incorpor\u00e9s dans leur travail quotidien.&nbsp;<span style=\"color: var( --e-global-color-text ); font-family: var( --e-global-typography-text-font-family ), Sans-serif; font-size: var( --e-global-typography-text-font-size ); font-weight: var( --e-global-typography-text-font-weight ); text-align: var(--text-align); text-transform: var( --e-global-typography-text-text-transform );\">En 2013, Christophe a franchi un grand pas en cr\u00e9ant Carvin Menuiserie \u00e0 Marseille. Quelques ann\u00e9es plus tard, en 2017, Pierre Calvini a rejoint l&rsquo;aventure, et ensemble, ils ont continu\u00e9 \u00e0 d\u00e9velopper ce qui est maintenant connu sous le nom de Carvin Calvini Menuiserie. Depuis lors, l&rsquo;entreprise n&rsquo;a cess\u00e9 de cro\u00eetre, enrichie par l&rsquo;arriv\u00e9e de nombreux menuisiers qui partagent les m\u00eames valeurs et la m\u00eame passion pour l&rsquo;artisanat de qualit\u00e9.<\/span><\/p>\n<p>Situ\u00e9 \u00e0 Marseille, notre atelier s&rsquo;est progressivement agrandi pour atteindre pr\u00e8s de 1000m2 aujourd&rsquo;hui, et il ne cesse de s&rsquo;enrichir en mat\u00e9riel de qualit\u00e9. C&rsquo;est dans cet espace d\u00e9di\u00e9 que notre \u00e9quipe d&rsquo;artisans passionn\u00e9s travaille chaque jour \u00e0 donner vie \u00e0 des projets uniques.<\/p>\n<p><span style=\"text-align: var(--text-align); color: var( --e-global-color-text ); font-family: var( --e-global-typography-text-font-family ), Sans-serif; font-size: var( --e-global-typography-text-font-size ); font-weight: var( --e-global-typography-text-font-weight ); text-transform: var( --e-global-typography-text-text-transform );\">Au fil des ans, nous avons r\u00e9alis\u00e9 plus de 750 projets, de toutes tailles et de toutes natures, avec un int\u00e9r\u00eat particulier pour les travaux sur mesure et haut de gamme. Plus qu&rsquo;un simple chiffre, ce nombre repr\u00e9sente le fruit de notre passion et de notre d\u00e9vouement, et la confiance que nos clients nous accordent.<\/span><\/p>\n<p><span style=\"text-align: var(--text-align); color: var( --e-global-color-text ); font-family: var( --e-global-typography-text-font-family ), Sans-serif; font-size: var( --e-global-typography-text-font-size ); font-weight: var( --e-global-typography-text-font-weight ); text-transform: var( --e-global-typography-text-text-transform );\">Notre histoire, chez Carvin Calvini Menuiserie, n&rsquo;est pas seulement une histoire d&rsquo;artisanat. C&rsquo;est aussi l&rsquo;histoire d&rsquo;une passion partag\u00e9e, du go\u00fbt pour un travail bien fait et du d\u00e9sir de toujours aller de l&rsquo;avant. Et chaque jour, nous continuons d&rsquo;\u00e9crire cette histoire, avec le m\u00eame d\u00e9vouement et le m\u00eame amour pour notre m\u00e9tier.<\/span><\/p>\t\t\t\t\t\t\t\t<\/div>\n\t\t\t\t<\/div>\n\t\t\t\t<\/div>\n\t\t<div class=\"elementor-element elementor-element-1041763 e-con-full e-flex elementor-invisible e-con e-child\" data-id=\"1041763\" data-element_type=\"container\" data-settings=\"{&quot;background_background&quot;:&quot;classic&quot;,&quot;animation&quot;:&quot;fadeInDown&quot;}\">\n\t\t\t\t<\/div>\n\t\t\t\t\t<\/div>\n\t\t\t\t<\/div>\n\t\t<div class=\"elementor-element elementor-element-590c146 e-flex e-con-boxed e-con e-parent\" data-id=\"590c146\" data-element_type=\"container\" data-settings=\"{&quot;background_background&quot;:&quot;classic&quot;}\">\n\t\t\t\t\t<div class=\"e-con-inner\">\n\t\t<div class=\"elementor-element elementor-element-aadb371 e-con-full e-flex e-con e-child\" data-id=\"aadb371\" data-element_type=\"container\">\n\t\t\t\t<div class=\"elementor-element elementor-element-3cfe45e de_scroll_animation_no elementor-widget elementor-widget-heading\" data-id=\"3cfe45e\" data-element_type=\"widget\" data-widget_type=\"heading.default\">\n\t\t\t\t<div class=\"elementor-widget-container\">\n\t\t\t\t\t<h2 class=\"elementor-heading-title elementor-size-default\">Bureau d'\u00c9tudes<\/h2>\t\t\t\t<\/div>\n\t\t\t\t<\/div>\n\t\t\t\t<div class=\"elementor-element elementor-element-5d125c4 de_scroll_animation_no elementor-widget elementor-widget-text-editor\" data-id=\"5d125c4\" data-element_type=\"widget\" data-widget_type=\"text-editor.default\">\n\t\t\t\t<div class=\"elementor-widget-container\">\n\t\t\t\t\t\t\t\t\t<p>Le Bureau d&rsquo;\u00c9tudes de Carvin Calvini Menuiserie est l&rsquo;endroit o\u00f9 naissent les projets. C&rsquo;est ici que nous approfondissons chaque projet pour d\u00e9velopper des solutions pr\u00e9cises, qu&rsquo;il s&rsquo;agisse d&rsquo;une demande commerciale, technique ou d&rsquo;une \u00e9tude sur des ouvrages complexes et pluridisciplinaires.<\/p><p>Notre force r\u00e9side dans notre fondation artisanale de menuisiers, et notre passion pour le d\u00e9tail. Cette approche nous permet d&rsquo;ajuster et de proposer des solutions techniques et des m\u00e9thodes de travail innovantes pour chaque projet. Nous nous occupons de l&rsquo;ensemble de l&rsquo;aspect administratif et contractuel de chaque offre, assurant ainsi une proposition adapt\u00e9e \u00e0 vos attentes.<\/p><p>Notre expertise en conception assist\u00e9e par ordinateur nous permet de r\u00e9aliser des \u00e9tudes techniques et des plans d&rsquo;ex\u00e9cution pr\u00e9cis pour chaque ouvrage avant sa mise en production. Nous travaillons en collaboration avec vous, les designers et les donneurs d&rsquo;ordres pour confirmer les choix de mat\u00e9riaux, assurer la coh\u00e9rence technique et affiner les directions esth\u00e9tiques du projet.<\/p>\t\t\t\t\t\t\t\t<\/div>\n\t\t\t\t<\/div>\n\t\t\t\t<\/div>\n\t\t<div class=\"elementor-element elementor-element-79ab6e0 e-con-full e-flex elementor-invisible e-con e-child\" data-id=\"79ab6e0\" data-element_type=\"container\" data-settings=\"{&quot;background_background&quot;:&quot;classic&quot;,&quot;animation&quot;:&quot;fadeInUp&quot;,&quot;animation_delay&quot;:200}\">\n\t\t\t\t<\/div>\n\t\t\t\t\t<\/div>\n\t\t\t\t<\/div>\n\t\t<div class=\"elementor-element elementor-element-d014387 e-flex e-con-boxed e-con e-parent\" data-id=\"d014387\" data-element_type=\"container\">\n\t\t\t\t\t<div class=\"e-con-inner\">\n\t\t<div class=\"elementor-element elementor-element-112d5db e-con-full e-flex e-con e-child\" data-id=\"112d5db\" data-element_type=\"container\">\n\t\t\t\t<div class=\"elementor-element elementor-element-0c19140 de_scroll_animation_no elementor-widget elementor-widget-heading\" data-id=\"0c19140\" data-element_type=\"widget\" data-widget_type=\"heading.default\">\n\t\t\t\t<div class=\"elementor-widget-container\">\n\t\t\t\t\t<h2 class=\"elementor-heading-title elementor-size-default\">L'Atelier<\/h2>\t\t\t\t<\/div>\n\t\t\t\t<\/div>\n\t\t\t\t<div class=\"elementor-element elementor-element-9ed9e10 de_scroll_animation_no elementor-widget elementor-widget-text-editor\" data-id=\"9ed9e10\" data-element_type=\"widget\" data-widget_type=\"text-editor.default\">\n\t\t\t\t<div class=\"elementor-widget-container\">\n\t\t\t\t\t\t\t\t\t<p>Notre atelier est le c\u0153ur battant de Carvin Calvini Menuiserie. C&rsquo;est dans cet espace dynamique que les id\u00e9es prennent forme et que l&rsquo;artisanat rencontre l&rsquo;innovation. Une fois que les \u00e9l\u00e9ments techniques, les plans et les directives ont \u00e9t\u00e9 re\u00e7us du bureau d&rsquo;\u00e9tude, notre \u00e9quipe hautement qualifi\u00e9e d&rsquo;artisans d\u00e9bute le processus de fabrication.<\/p><p>Sp\u00e9cialis\u00e9s dans la menuiserie sur-mesure haut de gamme, l&rsquo;agencement int\u00e9rieur bois et la r\u00e9alisation de mobilier unique, nos artisans travaillent avec passion, pr\u00e9cision et une profonde compr\u00e9hension du mat\u00e9riau pour apporter votre vision \u00e0 la vie. Nous avons cultiv\u00e9 une v\u00e9ritable symbiose entre la tradition de l&rsquo;artisanat et les innovations technologiques, ce qui se traduit par une qualit\u00e9 et une beaut\u00e9 exceptionnelles dans chaque pi\u00e8ce que nous cr\u00e9ons.<\/p><p>Notre atelier est \u00e9quip\u00e9 de machines \u00e0 commande num\u00e9rique de pointe, ainsi que d&rsquo;un ensemble complet d&rsquo;outils professionnels pour r\u00e9pondre \u00e0 toute demande complexe et technique. En m\u00eame temps, nous valorisons et cultivons l&rsquo;aspect humain de notre travail. Les compagnons menuisiers transmettent leur savoir-faire aux plus jeunes, garantissant que l&rsquo;art de la menuiserie continue \u00e0 s&rsquo;\u00e9panouir de g\u00e9n\u00e9ration en g\u00e9n\u00e9ration.<\/p><p>Chaque pi\u00e8ce qui passe par notre atelier est trait\u00e9e avec un soin et une attention m\u00e9ticuleux, garantissant non seulement que les difficult\u00e9s et les particularit\u00e9s techniques de chaque ouvrage sont identifi\u00e9es et r\u00e9solues, mais aussi que chaque cr\u00e9ation est v\u00e9ritablement unique et refl\u00e8te la vision du client. Chez Carvin Calvini Menuiserie, nous croyons que la beaut\u00e9 est dans les d\u00e9tails, et c&rsquo;est cet engagement envers l&rsquo;excellence qui fait de notre atelier un lieu o\u00f9 l&rsquo;art et l&rsquo;artisanat s&rsquo;unissent pour cr\u00e9er quelque chose de vraiment exceptionnel.<\/p>\t\t\t\t\t\t\t\t<\/div>\n\t\t\t\t<\/div>\n\t\t\t\t<\/div>\n\t\t<div class=\"elementor-element elementor-element-1c40693 e-con-full e-flex elementor-invisible e-con e-child\" data-id=\"1c40693\" data-element_type=\"container\" data-settings=\"{&quot;background_background&quot;:&quot;classic&quot;,&quot;animation&quot;:&quot;fadeInUp&quot;,&quot;animation_delay&quot;:200}\">\n\t\t\t\t<\/div>\n\t\t\t\t\t<\/div>\n\t\t\t\t<\/div>\n\t\t<div class=\"elementor-element elementor-element-bc7f91b e-flex e-con-boxed e-con e-parent\" data-id=\"bc7f91b\" data-element_type=\"container\" data-settings=\"{&quot;background_background&quot;:&quot;classic&quot;}\">\n\t\t\t\t\t<div class=\"e-con-inner\">\n\t\t<div class=\"elementor-element elementor-element-d3b358d e-con-full e-flex e-con e-child\" data-id=\"d3b358d\" data-element_type=\"container\">\n\t\t\t\t<div class=\"elementor-element elementor-element-8a8c24b de_scroll_animation_no elementor-widget elementor-widget-heading\" data-id=\"8a8c24b\" data-element_type=\"widget\" data-widget_type=\"heading.default\">\n\t\t\t\t<div class=\"elementor-widget-container\">\n\t\t\t\t\t<h2 class=\"elementor-heading-title elementor-size-default\">La Finition<\/h2>\t\t\t\t<\/div>\n\t\t\t\t<\/div>\n\t\t\t\t<div class=\"elementor-element elementor-element-0f0de2a de_scroll_animation_no elementor-widget elementor-widget-text-editor\" data-id=\"0f0de2a\" data-element_type=\"widget\" data-widget_type=\"text-editor.default\">\n\t\t\t\t<div class=\"elementor-widget-container\">\n\t\t\t\t\t\t\t\t\t<p>La finition est un aspect crucial qui contribue grandement \u00e0 la valorisation et \u00e0 la protection de chaque pi\u00e8ce d&rsquo;ouvrage que nous produisons chez Carvin Calvini Menuiserie. Nous avons construit des relations de confiance avec des partenaires sp\u00e9cialis\u00e9s en finition qui partagent notre souci du d\u00e9tail et notre passion pour l&rsquo;excellence. Ils mettent en \u0153uvre des proc\u00e9d\u00e9s qui allient des techniques traditionnelles \u00e0 des technologies innovantes, assurant ainsi des finitions sur mesure adapt\u00e9es \u00e0 chaque type de mat\u00e9riaux et \u00e0 chaque style de conception.<\/p><p>Chaque \u00e9tape de la finition, que ce soit le pon\u00e7age, l&rsquo;ajustage, la mise en teinte, le traitement de fond, ou l&rsquo;application de vernis, est m\u00e9ticuleusement effectu\u00e9e. Nos partenaires ont une expertise approfondie des diff\u00e9rentes essences de bois et des produits utilis\u00e9s, et travaillent avec minutie et finesse. En outre, ils ma\u00eetrisent la colorim\u00e9trie et ont une vision artistique leur permettant de capturer et d&rsquo;interpr\u00e9ter la vision du cr\u00e9ateur.<\/p><p>Ainsi, chaque pi\u00e8ce que nous cr\u00e9ons est finie avec un niveau de d\u00e9tail et de qualit\u00e9 qui fait honneur au bois. Chaque objet devient unique, qu&rsquo;il soit vernis pour sa protection ou sa brillance, mis en teinte, laqu\u00e9 de mani\u00e8re satin\u00e9e ou brillante, c\u00e9rus\u00e9 pour exacerber les veines du bois, ou patin\u00e9.<\/p>\t\t\t\t\t\t\t\t<\/div>\n\t\t\t\t<\/div>\n\t\t\t\t<\/div>\n\t\t<div class=\"elementor-element elementor-element-03db0d0 e-con-full e-flex elementor-invisible e-con e-child\" data-id=\"03db0d0\" data-element_type=\"container\" data-settings=\"{&quot;background_background&quot;:&quot;classic&quot;,&quot;animation&quot;:&quot;fadeInUp&quot;,&quot;animation_delay&quot;:200}\">\n\t\t\t\t<div class=\"elementor-element elementor-element-90fe5ea de_scroll_animation_no elementor-widget elementor-widget-spacer\" data-id=\"90fe5ea\" data-element_type=\"widget\" data-widget_type=\"spacer.default\">\n\t\t\t\t<div class=\"elementor-widget-container\">\n\t\t\t\t\t\t\t<div class=\"elementor-spacer\">\n\t\t\t<div class=\"elementor-spacer-inner\"><\/div>\n\t\t<\/div>\n\t\t\t\t\t\t<\/div>\n\t\t\t\t<\/div>\n\t\t\t\t<\/div>\n\t\t\t\t\t<\/div>\n\t\t\t\t<\/div>\n\t\t<div class=\"elementor-element elementor-element-32cc50e e-flex e-con-boxed e-con e-parent\" data-id=\"32cc50e\" data-element_type=\"container\">\n\t\t\t\t\t<div class=\"e-con-inner\">\n\t\t<div class=\"elementor-element elementor-element-e390bd4 e-con-full e-flex e-con e-child\" data-id=\"e390bd4\" data-element_type=\"container\">\n\t\t\t\t<div class=\"elementor-element elementor-element-1f6c811 de_scroll_animation_no elementor-widget elementor-widget-heading\" data-id=\"1f6c811\" data-element_type=\"widget\" data-widget_type=\"heading.default\">\n\t\t\t\t<div class=\"elementor-widget-container\">\n\t\t\t\t\t<h2 class=\"elementor-heading-title elementor-size-default\">L'Installation<\/h2>\t\t\t\t<\/div>\n\t\t\t\t<\/div>\n\t\t\t\t<div class=\"elementor-element elementor-element-10e623d de_scroll_animation_no elementor-widget elementor-widget-text-editor\" data-id=\"10e623d\" data-element_type=\"widget\" data-widget_type=\"text-editor.default\">\n\t\t\t\t<div class=\"elementor-widget-container\">\n\t\t\t\t\t\t\t\t\t<p>L&rsquo;installation repr\u00e9sente l&rsquo;aboutissement de tout le processus de conception. C&rsquo;est la phase qui fait passer votre projet du plan \u00e0 la r\u00e9alit\u00e9 tangible. Chez Carvin Calvini Menuiserie, nous prenons tr\u00e8s au s\u00e9rieux cette \u00e9tape cruciale. Une \u00e9quipe d\u00e9di\u00e9e, compos\u00e9e de menuisiers et d&rsquo;installateurs qualifi\u00e9s, r\u00e9alise cette t\u00e2che avec une extr\u00eame attention.<\/p><p>Le chef de chantier, avec une exp\u00e9rience significative et une compr\u00e9hension approfondie de la menuiserie et de l&rsquo;installation, pilote cette \u00e9tape. Il dirige l&rsquo;\u00e9quipe sur le site d&rsquo;installation, apportant les ajustements finaux et assurant que l&rsquo;ouvrage final est conforme \u00e0 ce qui a \u00e9t\u00e9 imagin\u00e9 et attendu.<\/p><p>En plus, un conducteur de travaux sera d\u00e9sign\u00e9 d\u00e8s la prise de votre commande. Il sera votre principal interlocuteur tout au long du projet, vous tenant inform\u00e9 \u00e0 chaque \u00e9tape et assurant une ex\u00e9cution sans faille. Avec un \u0153il expert sur la qualit\u00e9 et un respect strict des d\u00e9lais, il veille \u00e0 ce que votre vision devienne r\u00e9alit\u00e9 de la mani\u00e8re la plus fluide et la plus satisfaisante possible.<\/p>\t\t\t\t\t\t\t\t<\/div>\n\t\t\t\t<\/div>\n\t\t\t\t<\/div>\n\t\t<div class=\"elementor-element elementor-element-739b80c e-con-full e-flex elementor-invisible e-con e-child\" data-id=\"739b80c\" data-element_type=\"container\" data-settings=\"{&quot;background_background&quot;:&quot;classic&quot;,&quot;animation&quot;:&quot;fadeInUp&quot;,&quot;animation_delay&quot;:200}\">\n\t\t\t\t<\/div>\n\t\t\t\t\t<\/div>\n\t\t\t\t<\/div>\n\t\t\t\t<section class=\"elementor-section elementor-top-section elementor-element elementor-element-68a3735a elementor-reverse-mobile elementor-section-boxed elementor-section-height-default elementor-section-height-default\" data-id=\"68a3735a\" data-element_type=\"section\" data-settings=\"{&quot;background_background&quot;:&quot;classic&quot;}\">\n\t\t\t\t\t\t\t<div class=\"elementor-background-overlay\"><\/div>\n\t\t\t\t\t\t\t<div class=\"elementor-container elementor-column-gap-default\">\n\t\t\t\t\t<div class=\"elementor-column elementor-col-50 elementor-top-column elementor-element elementor-element-63dc09a1 elementor-invisible\" data-id=\"63dc09a1\" data-element_type=\"column\" data-settings=\"{&quot;background_background&quot;:&quot;classic&quot;,&quot;animation&quot;:&quot;fadeIn&quot;}\">\n\t\t\t<div class=\"elementor-widget-wrap elementor-element-populated\">\n\t\t\t\t\t\t<div class=\"elementor-element elementor-element-7e87dd2d de_scroll_animation_no elementor-widget elementor-widget-google_maps\" data-id=\"7e87dd2d\" data-element_type=\"widget\" data-widget_type=\"google_maps.default\">\n\t\t\t\t<div class=\"elementor-widget-container\">\n\t\t\t\t\t\t\t<div class=\"elementor-custom-embed\">\n\t\t\t<iframe loading=\"lazy\"\n\t\t\t\t\tsrc=\"https:\/\/maps.google.com\/maps?q=Carvin%20calvini&#038;t=m&#038;z=11&#038;output=embed&#038;iwloc=near\"\n\t\t\t\t\ttitle=\"Carvin calvini\"\n\t\t\t\t\taria-label=\"Carvin calvini\"\n\t\t\t><\/iframe>\n\t\t<\/div>\n\t\t\t\t\t\t<\/div>\n\t\t\t\t<\/div>\n\t\t\t\t\t<\/div>\n\t\t<\/div>\n\t\t\t\t<div class=\"elementor-column elementor-col-50 elementor-top-column elementor-element elementor-element-17f7d243\" data-id=\"17f7d243\" data-element_type=\"column\">\n\t\t\t<div class=\"elementor-widget-wrap elementor-element-populated\">\n\t\t\t\t\t\t<div class=\"elementor-element elementor-element-7c29a31b de_scroll_animation_no elementor-invisible elementor-widget elementor-widget-text-editor\" data-id=\"7c29a31b\" data-element_type=\"widget\" data-settings=\"{&quot;_animation&quot;:&quot;fadeInUp&quot;}\" data-widget_type=\"text-editor.default\">\n\t\t\t\t<div class=\"elementor-widget-container\">\n\t\t\t\t\t\t\t\t\t<p>Contact<\/p>\t\t\t\t\t\t\t\t<\/div>\n\t\t\t\t<\/div>\n\t\t\t\t<div class=\"elementor-element elementor-element-6d921622 de_scroll_animation_no elementor-invisible elementor-widget elementor-widget-heading\" data-id=\"6d921622\" data-element_type=\"widget\" data-settings=\"{&quot;_animation&quot;:&quot;fadeInUp&quot;,&quot;_animation_delay&quot;:200}\" data-widget_type=\"heading.default\">\n\t\t\t\t<div class=\"elementor-widget-container\">\n\t\t\t\t\t<h2 class=\"elementor-heading-title elementor-size-default\">Nous rencontrer<\/h2>\t\t\t\t<\/div>\n\t\t\t\t<\/div>\n\t\t\t\t<div class=\"elementor-element elementor-element-5351f7dc de_scroll_animation_no elementor-invisible elementor-widget elementor-widget-text-editor\" data-id=\"5351f7dc\" data-element_type=\"widget\" data-settings=\"{&quot;_animation&quot;:&quot;fadeInUp&quot;,&quot;_animation_delay&quot;:400}\" data-widget_type=\"text-editor.default\">\n\t\t\t\t<div class=\"elementor-widget-container\">\n\t\t\t\t\t\t\t\t\t<p>Les \u00e9quipes Carvin Calvini Menuiserie sont \u00e0 votre disposition pour \u00e9tudier votre projet Menuiserie et agencement sur mesure. Contactez-nous.<\/p>\t\t\t\t\t\t\t\t<\/div>\n\t\t\t\t<\/div>\n\t\t\t\t<section class=\"elementor-section elementor-inner-section elementor-element elementor-element-673a2dd7 elementor-section-boxed elementor-section-height-default elementor-section-height-default\" data-id=\"673a2dd7\" data-element_type=\"section\">\n\t\t\t\t\t\t<div class=\"elementor-container elementor-column-gap-default\">\n\t\t\t\t\t<div class=\"elementor-column elementor-col-50 elementor-inner-column elementor-element elementor-element-33e459b9 elementor-invisible\" data-id=\"33e459b9\" data-element_type=\"column\" data-settings=\"{&quot;animation&quot;:&quot;fadeInUp&quot;,&quot;animation_delay&quot;:600}\">\n\t\t\t<div class=\"elementor-widget-wrap elementor-element-populated\">\n\t\t\t\t\t\t<div class=\"elementor-element elementor-element-6dcb5cd5 de_scroll_animation_no elementor-widget elementor-widget-heading\" data-id=\"6dcb5cd5\" data-element_type=\"widget\" data-widget_type=\"heading.default\">\n\t\t\t\t<div class=\"elementor-widget-container\">\n\t\t\t\t\t<h5 class=\"elementor-heading-title elementor-size-default\">Adresse<\/h5>\t\t\t\t<\/div>\n\t\t\t\t<\/div>\n\t\t\t\t<div class=\"elementor-element elementor-element-47df7d7 de_scroll_animation_no elementor-widget elementor-widget-text-editor\" data-id=\"47df7d7\" data-element_type=\"widget\" data-widget_type=\"text-editor.default\">\n\t\t\t\t<div class=\"elementor-widget-container\">\n\t\t\t\t\t\t\t\t\t<p>SMI Activit\u00e9s<\/p><p>6Bd Gueidon, 13013 Marseille<\/p>\t\t\t\t\t\t\t\t<\/div>\n\t\t\t\t<\/div>\n\t\t\t\t\t<\/div>\n\t\t<\/div>\n\t\t\t\t<div class=\"elementor-column elementor-col-50 elementor-inner-column elementor-element elementor-element-66ba1a1 elementor-invisible\" data-id=\"66ba1a1\" data-element_type=\"column\" data-settings=\"{&quot;animation&quot;:&quot;fadeInUp&quot;,&quot;animation_delay&quot;:700}\">\n\t\t\t<div class=\"elementor-widget-wrap elementor-element-populated\">\n\t\t\t\t\t\t<div class=\"elementor-element elementor-element-4b750ddd de_scroll_animation_no elementor-widget elementor-widget-heading\" data-id=\"4b750ddd\" data-element_type=\"widget\" data-widget_type=\"heading.default\">\n\t\t\t\t<div class=\"elementor-widget-container\">\n\t\t\t\t\t<h5 class=\"elementor-heading-title elementor-size-default\">Contact<\/h5>\t\t\t\t<\/div>\n\t\t\t\t<\/div>\n\t\t\t\t<div class=\"elementor-element elementor-element-476a62bf elementor-widget__width-initial de_scroll_animation_no elementor-widget elementor-widget-text-editor\" data-id=\"476a62bf\" data-element_type=\"widget\" data-widget_type=\"text-editor.default\">\n\t\t\t\t<div class=\"elementor-widget-container\">\n\t\t\t\t\t\t\t\t\t<p>contact@carvincalvinimenuiserie.fr<\/p><p>04.22.91.55.62<\/p>\t\t\t\t\t\t\t\t<\/div>\n\t\t\t\t<\/div>\n\t\t\t\t\t<\/div>\n\t\t<\/div>\n\t\t\t\t\t<\/div>\n\t\t<\/section>\n\t\t\t\t\t<\/div>\n\t\t<\/div>\n\t\t\t\t\t<\/div>\n\t\t<\/section>\n\t\t\t\t<\/div>\n\t\t","protected":false},"excerpt":{"rendered":"<p>CARVIN CALVINI MENUISERIE Accueil L&rsquo;entreprise D\u00e9couvrez notre histoire L&rsquo;histoire de Carvin Calvini Menuiserie est celle d&rsquo;une passion profonde et d&rsquo;un amour pour le travail bien fait. Christophe Carvin et Pierre Calvini, ont consacr\u00e9 plus de 25 ans de leur vie \u00e0 cette passion, travaillant sans rel\u00e2che \u00e0 perfectionner leur art. Leurs d\u00e9buts ont \u00e9t\u00e9 marqu\u00e9s [&hellip;]<\/p>\n","protected":false},"author":1,"featured_media":0,"parent":0,"menu_order":0,"comment_status":"closed","ping_status":"open","template":"","meta":{"ngg_post_thumbnail":0,"footnotes":""},"class_list":["post-2","page","type-page","status-publish","hentry"],"yoast_head":"<!-- This site is optimized with the Yoast SEO plugin v24.4 - https:\/\/yoast.com\/wordpress\/plugins\/seo\/ -->\n<title>L&#039;ENTREPRISE - carvincalvinimenuiserie.fr<\/title>\n<meta name=\"robots\" content=\"index, follow, max-snippet:-1, max-image-preview:large, max-video-preview:-1\" \/>\n<link rel=\"canonical\" href=\"https:\/\/carvincalvinimenuiserie.fr\/index.php\/entreprise\/\" \/>\n<meta property=\"og:locale\" content=\"fr_FR\" \/>\n<meta property=\"og:type\" content=\"article\" \/>\n<meta property=\"og:title\" content=\"L&#039;ENTREPRISE - carvincalvinimenuiserie.fr\" \/>\n<meta property=\"og:description\" content=\"CARVIN CALVINI MENUISERIE Accueil L&rsquo;entreprise D\u00e9couvrez notre histoire L&rsquo;histoire de Carvin Calvini Menuiserie est celle d&rsquo;une passion profonde et d&rsquo;un amour pour le travail bien fait. Christophe Carvin et Pierre Calvini, ont consacr\u00e9 plus de 25 ans de leur vie \u00e0 cette passion, travaillant sans rel\u00e2che \u00e0 perfectionner leur art. Leurs d\u00e9buts ont \u00e9t\u00e9 marqu\u00e9s [&hellip;]\" \/>\n<meta property=\"og:url\" content=\"https:\/\/carvincalvinimenuiserie.fr\/index.php\/entreprise\/\" \/>\n<meta property=\"og:site_name\" content=\"carvincalvinimenuiserie.fr\" \/>\n<meta property=\"article:publisher\" content=\"https:\/\/www.facebook.com\/carvincalvinimenuiserie\/\" \/>\n<meta property=\"article:modified_time\" content=\"2025-04-01T15:18:37+00:00\" \/>\n<meta name=\"twitter:card\" content=\"summary_large_image\" \/>\n<meta name=\"twitter:label1\" content=\"Dur\u00e9e de lecture estim\u00e9e\" \/>\n\t<meta name=\"twitter:data1\" content=\"7 minutes\" \/>\n<script type=\"application\/ld+json\" class=\"yoast-schema-graph\">{\"@context\":\"https:\/\/schema.org\",\"@graph\":[{\"@type\":\"WebPage\",\"@id\":\"https:\/\/carvincalvinimenuiserie.fr\/index.php\/entreprise\/\",\"url\":\"https:\/\/carvincalvinimenuiserie.fr\/index.php\/entreprise\/\",\"name\":\"L'ENTREPRISE - carvincalvinimenuiserie.fr\",\"isPartOf\":{\"@id\":\"https:\/\/carvincalvinimenuiserie.fr\/#website\"},\"datePublished\":\"2023-06-14T09:08:21+00:00\",\"dateModified\":\"2025-04-01T15:18:37+00:00\",\"breadcrumb\":{\"@id\":\"https:\/\/carvincalvinimenuiserie.fr\/index.php\/entreprise\/#breadcrumb\"},\"inLanguage\":\"fr-FR\",\"potentialAction\":[{\"@type\":\"ReadAction\",\"target\":[\"https:\/\/carvincalvinimenuiserie.fr\/index.php\/entreprise\/\"]}]},{\"@type\":\"BreadcrumbList\",\"@id\":\"https:\/\/carvincalvinimenuiserie.fr\/index.php\/entreprise\/#breadcrumb\",\"itemListElement\":[{\"@type\":\"ListItem\",\"position\":1,\"name\":\"Accueil\",\"item\":\"https:\/\/carvincalvinimenuiserie.fr\/\"},{\"@type\":\"ListItem\",\"position\":2,\"name\":\"L&rsquo;ENTREPRISE\"}]},{\"@type\":\"WebSite\",\"@id\":\"https:\/\/carvincalvinimenuiserie.fr\/#website\",\"url\":\"https:\/\/carvincalvinimenuiserie.fr\/\",\"name\":\"carvincalvinimenuiserie.fr\",\"description\":\"Menuiserie et agencement sur-mesure haut de gamme \u00e0 Marseille\",\"publisher\":{\"@id\":\"https:\/\/carvincalvinimenuiserie.fr\/#organization\"},\"potentialAction\":[{\"@type\":\"SearchAction\",\"target\":{\"@type\":\"EntryPoint\",\"urlTemplate\":\"https:\/\/carvincalvinimenuiserie.fr\/?s={search_term_string}\"},\"query-input\":{\"@type\":\"PropertyValueSpecification\",\"valueRequired\":true,\"valueName\":\"search_term_string\"}}],\"inLanguage\":\"fr-FR\"},{\"@type\":\"Organization\",\"@id\":\"https:\/\/carvincalvinimenuiserie.fr\/#organization\",\"name\":\"Carvin Calvini Menuiserie\",\"alternateName\":\"CC Menuiserie\",\"url\":\"https:\/\/carvincalvinimenuiserie.fr\/\",\"logo\":{\"@type\":\"ImageObject\",\"inLanguage\":\"fr-FR\",\"@id\":\"https:\/\/carvincalvinimenuiserie.fr\/#\/schema\/logo\/image\/\",\"url\":\"https:\/\/carvincalvinimenuiserie.fr\/wp-content\/uploads\/2023\/06\/logo-carvin-calvini-menuiserie-horizontal.png\",\"contentUrl\":\"https:\/\/carvincalvinimenuiserie.fr\/wp-content\/uploads\/2023\/06\/logo-carvin-calvini-menuiserie-horizontal.png\",\"width\":800,\"height\":236,\"caption\":\"Carvin Calvini Menuiserie\"},\"image\":{\"@id\":\"https:\/\/carvincalvinimenuiserie.fr\/#\/schema\/logo\/image\/\"},\"sameAs\":[\"https:\/\/www.facebook.com\/carvincalvinimenuiserie\/\",\"https:\/\/www.instagram.com\/carvin.calvini.menuiserie\",\"https:\/\/www.linkedin.com\/company\/sas-carvin-calvini-menuiserie\/\"]}]}<\/script>\n<!-- \/ Yoast SEO plugin. -->","yoast_head_json":{"title":"L'ENTREPRISE - carvincalvinimenuiserie.fr","robots":{"index":"index","follow":"follow","max-snippet":"max-snippet:-1","max-image-preview":"max-image-preview:large","max-video-preview":"max-video-preview:-1"},"canonical":"https:\/\/carvincalvinimenuiserie.fr\/index.php\/entreprise\/","og_locale":"fr_FR","og_type":"article","og_title":"L'ENTREPRISE - carvincalvinimenuiserie.fr","og_description":"CARVIN CALVINI MENUISERIE Accueil L&rsquo;entreprise D\u00e9couvrez notre histoire L&rsquo;histoire de Carvin Calvini Menuiserie est celle d&rsquo;une passion profonde et d&rsquo;un amour pour le travail bien fait. Christophe Carvin et Pierre Calvini, ont consacr\u00e9 plus de 25 ans de leur vie \u00e0 cette passion, travaillant sans rel\u00e2che \u00e0 perfectionner leur art. Leurs d\u00e9buts ont \u00e9t\u00e9 marqu\u00e9s [&hellip;]","og_url":"https:\/\/carvincalvinimenuiserie.fr\/index.php\/entreprise\/","og_site_name":"carvincalvinimenuiserie.fr","article_publisher":"https:\/\/www.facebook.com\/carvincalvinimenuiserie\/","article_modified_time":"2025-04-01T15:18:37+00:00","twitter_card":"summary_large_image","twitter_misc":{"Dur\u00e9e de lecture estim\u00e9e":"7 minutes"},"schema":{"@context":"https:\/\/schema.org","@graph":[{"@type":"WebPage","@id":"https:\/\/carvincalvinimenuiserie.fr\/index.php\/entreprise\/","url":"https:\/\/carvincalvinimenuiserie.fr\/index.php\/entreprise\/","name":"L'ENTREPRISE - carvincalvinimenuiserie.fr","isPartOf":{"@id":"https:\/\/carvincalvinimenuiserie.fr\/#website"},"datePublished":"2023-06-14T09:08:21+00:00","dateModified":"2025-04-01T15:18:37+00:00","breadcrumb":{"@id":"https:\/\/carvincalvinimenuiserie.fr\/index.php\/entreprise\/#breadcrumb"},"inLanguage":"fr-FR","potentialAction":[{"@type":"ReadAction","target":["https:\/\/carvincalvinimenuiserie.fr\/index.php\/entreprise\/"]}]},{"@type":"BreadcrumbList","@id":"https:\/\/carvincalvinimenuiserie.fr\/index.php\/entreprise\/#breadcrumb","itemListElement":[{"@type":"ListItem","position":1,"name":"Accueil","item":"https:\/\/carvincalvinimenuiserie.fr\/"},{"@type":"ListItem","position":2,"name":"L&rsquo;ENTREPRISE"}]},{"@type":"WebSite","@id":"https:\/\/carvincalvinimenuiserie.fr\/#website","url":"https:\/\/carvincalvinimenuiserie.fr\/","name":"carvincalvinimenuiserie.fr","description":"Menuiserie et agencement sur-mesure haut de gamme \u00e0 Marseille","publisher":{"@id":"https:\/\/carvincalvinimenuiserie.fr\/#organization"},"potentialAction":[{"@type":"SearchAction","target":{"@type":"EntryPoint","urlTemplate":"https:\/\/carvincalvinimenuiserie.fr\/?s={search_term_string}"},"query-input":{"@type":"PropertyValueSpecification","valueRequired":true,"valueName":"search_term_string"}}],"inLanguage":"fr-FR"},{"@type":"Organization","@id":"https:\/\/carvincalvinimenuiserie.fr\/#organization","name":"Carvin Calvini Menuiserie","alternateName":"CC Menuiserie","url":"https:\/\/carvincalvinimenuiserie.fr\/","logo":{"@type":"ImageObject","inLanguage":"fr-FR","@id":"https:\/\/carvincalvinimenuiserie.fr\/#\/schema\/logo\/image\/","url":"https:\/\/carvincalvinimenuiserie.fr\/wp-content\/uploads\/2023\/06\/logo-carvin-calvini-menuiserie-horizontal.png","contentUrl":"https:\/\/carvincalvinimenuiserie.fr\/wp-content\/uploads\/2023\/06\/logo-carvin-calvini-menuiserie-horizontal.png","width":800,"height":236,"caption":"Carvin Calvini Menuiserie"},"image":{"@id":"https:\/\/carvincalvinimenuiserie.fr\/#\/schema\/logo\/image\/"},"sameAs":["https:\/\/www.facebook.com\/carvincalvinimenuiserie\/","https:\/\/www.instagram.com\/carvin.calvini.menuiserie","https:\/\/www.linkedin.com\/company\/sas-carvin-calvini-menuiserie\/"]}]}},"_links":{"self":[{"href":"https:\/\/carvincalvinimenuiserie.fr\/index.php\/wp-json\/wp\/v2\/pages\/2","targetHints":{"allow":["GET"]}}],"collection":[{"href":"https:\/\/carvincalvinimenuiserie.fr\/index.php\/wp-json\/wp\/v2\/pages"}],"about":[{"href":"https:\/\/carvincalvinimenuiserie.fr\/index.php\/wp-json\/wp\/v2\/types\/page"}],"author":[{"embeddable":true,"href":"https:\/\/carvincalvinimenuiserie.fr\/index.php\/wp-json\/wp\/v2\/users\/1"}],"replies":[{"embeddable":true,"href":"https:\/\/carvincalvinimenuiserie.fr\/index.php\/wp-json\/wp\/v2\/comments?post=2"}],"version-history":[{"count":82,"href":"https:\/\/carvincalvinimenuiserie.fr\/index.php\/wp-json\/wp\/v2\/pages\/2\/revisions"}],"predecessor-version":[{"id":1117,"href":"https:\/\/carvincalvinimenuiserie.fr\/index.php\/wp-json\/wp\/v2\/pages\/2\/revisions\/1117"}],"wp:attachment":[{"href":"https:\/\/carvincalvinimenuiserie.fr\/index.php\/wp-json\/wp\/v2\/media?parent=2"}],"curies":[{"name":"wp","href":"https:\/\/api.w.org\/{rel}","templated":true}]}}